{"id":941,"date":"2025-05-16T13:14:14","date_gmt":"2025-05-16T13:14:14","guid":{"rendered":"https:\/\/fogtunderajandek.hu\/?post_type=product&#038;p=941"},"modified":"2026-09-05T21:50:14","modified_gmt":"2026-09-05T21:50:14","slug":"mirella-tunder-csomag","status":"publish","type":"product","link":"https:\/\/fogtunderajandek.hu\/index.php\/termek\/mirella-tunder-csomag\/","title":{"rendered":"Brilla csomag"},"content":{"rendered":"\t\t<div data-elementor-type=\"product-post\" data-elementor-id=\"941\" class=\"elementor elementor-941\" data-elementor-post-type=\"product\">\n\t\t\t\t<div class=\"elementor-element elementor-element-3ac4e4af e-flex e-con-boxed e-con e-parent\" data-id=\"3ac4e4af\" data-element_type=\"container\" data-e-type=\"container\">\n\t\t\t\t\t<div class=\"e-con-inner\">\n\t\t\t\t<div class=\"elementor-element elementor-element-3e2565d4 elementor-widget elementor-widget-text-editor\" data-id=\"3e2565d4\" data-element_type=\"widget\" data-e-type=\"widget\" data-widget_type=\"text-editor.default\">\n\t\t\t\t\t\t\t\t\t<p class=\"PDq2pG_selectionAnchorContainer\" data-start=\"245\" data-end=\"521\"><strong>Fogt\u00fcnd\u00e9r aj\u00e1nd\u00e9kcsomag \u2013 var\u00e1zslatos meglepet\u00e9s tejfog hull\u00e1sakor<\/strong><\/p>\nTedd igaz\u00e1n k\u00fcl\u00f6nlegess\u00e9 az els\u0151 tejfog elveszt\u00e9s\u00e9nek pillanat\u00e1t ezzel a <strong data-start=\"318\" data-end=\"360\">var\u00e1zslatos fogt\u00fcnd\u00e9r aj\u00e1nd\u00e9kcsomaggal<\/strong>! A gondosan \u00f6ssze\u00e1ll\u00edtott csomag minden olyan apr\u00f3s\u00e1got tartalmaz, amellyel a fogveszt\u00e9s egy eml\u00e9kezetes, j\u00e1t\u00e9kos \u00e9s mesebeli \u00e9lm\u00e9nny\u00e9 v\u00e1lhat a gyermek sz\u00e1m\u00e1ra.\n<p data-start=\"523\" data-end=\"780\">A csomag k\u00f6z\u00e9ppontj\u00e1ban egy <strong data-start=\"551\" data-end=\"596\">3 cm \u00e1tm\u00e9r\u0151j\u0171, arany sz\u00edn\u0171 fogt\u00fcnd\u00e9r \u00e9rme<\/strong> \u00e1ll, amely sz\u00e9p eml\u00e9k lehet az els\u0151 kihullott tejfog ut\u00e1n. A kis aj\u00e1nd\u00e9kokat egy b\u00e1jos <strong data-start=\"684\" data-end=\"707\">textil zs\u00e1kocsk\u00e1ban<\/strong> lehet \u00e1tadni, \u00edgy az eg\u00e9sz meglepet\u00e9snek igazi fogt\u00fcnd\u00e9r-hangulata lesz.<\/p>\n\n<h3 data-section-id=\"1hmfzo3\" data-start=\"782\" data-end=\"824\">\ud83c\udf81 A fogt\u00fcnd\u00e9r aj\u00e1nd\u00e9kcsomag tartalma:<\/h3>\n<ul data-start=\"826\" data-end=\"1240\">\n \t<li data-section-id=\"13ohp87\" data-start=\"826\" data-end=\"930\">\ud83e\uddda <strong data-start=\"831\" data-end=\"870\">Arany sz\u00edn\u0171, 3 cm-es fogt\u00fcnd\u00e9r \u00e9rme<\/strong> \u2013 k\u00fcl\u00f6nleges eml\u00e9k az els\u0151 tejfog elveszt\u00e9s\u00e9nek alkalm\u00e1b\u00f3l.<\/li>\n \t<li data-section-id=\"kib30y\" data-start=\"931\" data-end=\"990\">\u2b50 <strong data-start=\"935\" data-end=\"953\">Matrica csomag<\/strong> \u2013 vid\u00e1m matric\u00e1k a gyerekek sz\u00e1m\u00e1ra.<\/li>\n \t<li data-section-id=\"e4ta7h\" data-start=\"991\" data-end=\"1088\">\ud83d\udc8c <strong data-start=\"996\" data-end=\"1022\">Var\u00e1zslatos \u00fcdv\u00f6zl\u0151lap<\/strong> \u2013 amelynek bels\u0151 oldal\u00e1n egy kedves <strong data-start=\"1059\" data-end=\"1070\">sz\u00ednez\u0151<\/strong> is helyet kapott.<\/li>\n \t<li data-section-id=\"vs4u2l\" data-start=\"1089\" data-end=\"1174\">\ud83e\udd0d <strong data-start=\"1094\" data-end=\"1124\">Feh\u00e9r akril gy\u00f6ngy kark\u00f6t\u0151<\/strong> \u2013 csinos kis aj\u00e1nd\u00e9k, amelyet a gyermek viselhet.<\/li>\n \t<li data-section-id=\"1tww7ec\" data-start=\"1175\" data-end=\"1240\">\ud83c\udf80 <strong data-start=\"1180\" data-end=\"1200\">Textil zs\u00e1kocska<\/strong> \u2013 az aj\u00e1nd\u00e9kok t\u00e1rol\u00e1s\u00e1ra \u00e9s \u00e1tad\u00e1s\u00e1ra.<\/li>\n<\/ul>\n<h3 data-section-id=\"1wttdxg\" data-start=\"1242\" data-end=\"1289\">\u2728 Tedd eml\u00e9kezetess\u00e9 a fogt\u00fcnd\u00e9r \u00e9rkez\u00e9s\u00e9t!<\/h3>\n<p data-start=\"1291\" data-end=\"1508\">A tejfog elveszt\u00e9se fontos m\u00e9rf\u00f6ldk\u0151 a gyermekek \u00e9let\u00e9ben. Egy apr\u00f3, szem\u00e9lyes aj\u00e1nd\u00e9k seg\u00edthet abban, hogy a foghull\u00e1s ne f\u00e9lelmetes vagy kellemetlen esem\u00e9ny legyen, hanem egy <strong data-start=\"1468\" data-end=\"1507\">izgalmas fogt\u00fcnd\u00e9r-t\u00f6rt\u00e9net kezdete<\/strong>.<\/p>\n<p data-start=\"1510\" data-end=\"1779\">A <strong data-start=\"1512\" data-end=\"1539\">fogt\u00fcnd\u00e9r aj\u00e1nd\u00e9kcsomag<\/strong> t\u00f6k\u00e9letes v\u00e1laszt\u00e1s lehet sz\u00fcl\u0151knek, nagysz\u00fcl\u0151knek vagy b\u00e1rkinek, aki szeretn\u00e9 meglepni a gyermeket az els\u0151 tejfog kies\u00e9sekor. A csomagban tal\u00e1lhat\u00f3 \u00e9rme, kark\u00f6t\u0151, matric\u00e1k \u00e9s sz\u00ednez\u0151 egy\u00fctt egy komplett kis fogt\u00fcnd\u00e9r-meglepet\u00e9st alkotnak.<\/p>\n<p data-start=\"1781\" data-end=\"1863\"><strong data-start=\"1781\" data-end=\"1863\">Aj\u00e1nd\u00e9kozz egy kis var\u00e1zslatot az els\u0151 tejfog elveszt\u00e9s\u00e9nek eml\u00e9k\u00e9re! \ud83e\uddda\u200d\u2640\ufe0f\ud83e\uddb7\u2728<\/strong><\/p>\t\t\t\t\t\t\t\t<\/div>\n\t\t\t\t\t<\/div>\n\t\t\t\t<\/div>\n\t\t\t\t<\/div>\n\t\t","protected":false},"excerpt":{"rendered":"<p>Fogt\u00fcnd\u00e9r aj\u00e1nd\u00e9kcsomag \u2013 var\u00e1zslatos meglepet\u00e9s tejfog hull\u00e1sakor Tedd igaz\u00e1n k\u00fcl\u00f6nlegess\u00e9 az els\u0151 tejfog elveszt\u00e9s\u00e9nek pillanat\u00e1t ezzel a var\u00e1zslatos fogt\u00fcnd\u00e9r aj\u00e1nd\u00e9kcsomaggal! A gondosan \u00f6ssze\u00e1ll\u00edtott csomag minden olyan apr\u00f3s\u00e1got tartalmaz, amellyel a fogveszt\u00e9s egy eml\u00e9kezetes, j\u00e1t\u00e9kos \u00e9s mesebeli \u00e9lm\u00e9nny\u00e9 v\u00e1lhat a gyermek sz\u00e1m\u00e1ra. A csomag k\u00f6z\u00e9ppontj\u00e1ban egy 3 cm \u00e1tm\u00e9r\u0151j\u0171, arany sz\u00edn\u0171 fogt\u00fcnd\u00e9r \u00e9rme \u00e1ll, amely sz\u00e9p [&hellip;]<\/p>\n","protected":false},"featured_media":2178,"template":"","meta":[],"product_brand":[],"product_cat":[25],"product_tag":[],"class_list":["post-941","product","type-product","status-publish","has-post-thumbnail","product_cat-csomagok","first","instock","shipping-taxable","purchasable","product-type-simple"],"bundled_by":[],"bundle_stock_status":"instock","bundle_stock_quantity":10,"bundle_virtual":false,"bundle_layout":"","bundle_add_to_cart_form_location":"","bundle_editable_in_cart":false,"bundle_sold_individually_context":"","bundle_item_grouping":"","bundle_min_size":"","bundle_max_size":"","bundle_price":[],"bundled_items":[],"bundle_sell_ids":[],"_links":{"self":[{"href":"https:\/\/fogtunderajandek.hu\/index.php\/wp-json\/wp\/v2\/product\/941","targetHints":{"allow":["GET"]}}],"collection":[{"href":"https:\/\/fogtunderajandek.hu\/index.php\/wp-json\/wp\/v2\/product"}],"about":[{"href":"https:\/\/fogtunderajandek.hu\/index.php\/wp-json\/wp\/v2\/types\/product"}],"version-history":[{"count":11,"href":"https:\/\/fogtunderajandek.hu\/index.php\/wp-json\/wp\/v2\/product\/941\/revisions"}],"predecessor-version":[{"id":2251,"href":"https:\/\/fogtunderajandek.hu\/index.php\/wp-json\/wp\/v2\/product\/941\/revisions\/2251"}],"wp:featuredmedia":[{"embeddable":true,"href":"https:\/\/fogtunderajandek.hu\/index.php\/wp-json\/wp\/v2\/media\/2178"}],"wp:attachment":[{"href":"https:\/\/fogtunderajandek.hu\/index.php\/wp-json\/wp\/v2\/media?parent=941"}],"wp:term":[{"taxonomy":"product_brand","embeddable":true,"href":"https:\/\/fogtunderajandek.hu\/index.php\/wp-json\/wp\/v2\/product_brand?post=941"},{"taxonomy":"product_cat","embeddable":true,"href":"https:\/\/fogtunderajandek.hu\/index.php\/wp-json\/wp\/v2\/product_cat?post=941"},{"taxonomy":"product_tag","embeddable":true,"href":"https:\/\/fogtunderajandek.hu\/index.php\/wp-json\/wp\/v2\/product_tag?post=941"}],"curies":[{"name":"wp","href":"https:\/\/api.w.org\/{rel}","templated":true}]}}